{"id":388,"date":"2018-11-27T09:17:42","date_gmt":"2018-11-27T09:17:42","guid":{"rendered":"https:\/\/websitedemos.net\/discover-outdoors\/?page_id=7"},"modified":"2020-03-12T11:53:27","modified_gmt":"2020-03-12T10:53:27","slug":"projects","status":"publish","type":"page","link":"https:\/\/byschenk.ch\/?page_id=388","title":{"rendered":"Vermietung"},"content":{"rendered":"\t\t<div data-elementor-type=\"wp-post\" data-elementor-id=\"388\" class=\"elementor elementor-388\">\n\t\t\t\t\t\t\t\t\t<section class=\"elementor-section elementor-top-section elementor-element elementor-element-6416b57 elementor-section-boxed elementor-section-height-default elementor-section-height-default\" data-id=\"6416b57\" data-element_type=\"section\" data-settings=\"{&quot;background_background&quot;:&quot;classic&quot;}\">\n\t\t\t\t\t\t\t<div class=\"elementor-background-overlay\"><\/div>\n\t\t\t\t\t\t\t<div class=\"elementor-container elementor-column-gap-default\">\n\t\t\t\t\t<div class=\"elementor-column elementor-col-100 elementor-top-column elementor-element elementor-element-15b1c73\" data-id=\"15b1c73\" data-element_type=\"column\">\n\t\t\t<div class=\"elementor-widget-wrap elementor-element-populated\">\n\t\t\t\t\t\t\t\t<section class=\"elementor-section elementor-inner-section elementor-element elementor-element-47b1f13 elementor-section-height-min-height elementor-section-boxed elementor-section-height-default\" data-id=\"47b1f13\" data-element_type=\"section\">\n\t\t\t\t\t\t<div class=\"elementor-container elementor-column-gap-default\">\n\t\t\t\t\t<div class=\"elementor-column elementor-col-100 elementor-inner-column elementor-element elementor-element-39b5279\" data-id=\"39b5279\" data-element_type=\"column\">\n\t\t\t<div class=\"elementor-widget-wrap\">\n\t\t\t\t\t\t\t\t\t<\/div>\n\t\t<\/div>\n\t\t\t\t\t\t\t<\/div>\n\t\t<\/section>\n\t\t\t\t<div class=\"elementor-element elementor-element-abb855b elementor-widget elementor-widget-heading\" data-id=\"abb855b\" data-element_type=\"widget\" data-widget_type=\"heading.default\">\n\t\t\t\t<div class=\"elementor-widget-container\">\n\t\t\t<h2 class=\"elementor-heading-title elementor-size-default\">Vermietung<\/h2>\t\t<\/div>\n\t\t\t\t<\/div>\n\t\t\t\t<div class=\"elementor-element elementor-element-36de591 elementor-widget-divider--view-line elementor-widget elementor-widget-divider\" data-id=\"36de591\" data-element_type=\"widget\" data-settings=\"{&quot;_animation&quot;:&quot;none&quot;}\" data-widget_type=\"divider.default\">\n\t\t\t\t<div class=\"elementor-widget-container\">\n\t\t\t\t\t<div class=\"elementor-divider\">\n\t\t\t<span class=\"elementor-divider-separator\">\n\t\t\t\t\t\t<\/span>\n\t\t<\/div>\n\t\t\t\t<\/div>\n\t\t\t\t<\/div>\n\t\t\t\t<div class=\"elementor-element elementor-element-e981208 elementor-widget elementor-widget-text-editor\" data-id=\"e981208\" data-element_type=\"widget\" data-widget_type=\"text-editor.default\">\n\t\t\t\t<div class=\"elementor-widget-container\">\n\t\t\t\t\t\t\t<p>Hier finden Sie bereits zusammengestellte, kompakte Systeme, die f\u00fcr diverse Veranstaltungen gemietet werden k\u00f6nnen.<\/p>\n<p>Auf der Preisliste finden Sie die alle mietbaren Artikel, inklusive Preisangaben. In der&nbsp;<a style=\"font-size: 16px; font-style: normal; font-weight: 400; background-color: rgba(255, 255, 255, 0.88);\" href=\"https:\/\/byschenk.ch\/?page_id=273\" target=\"_blank\" rel=\"noopener\">Galerie<\/a>&nbsp;sind verschiedenste Anwendungsbeispiele dokumentiert.<\/p>\n<p>Gerne beraten wir Sie auch pers\u00f6nlich.<\/p>\t\t\t\t\t\t<\/div>\n\t\t\t\t<\/div>\n\t\t\t\t<section class=\"elementor-section elementor-top-section elementor-element elementor-element-a487e03 elementor-section-boxed elementor-section-height-default elementor-section-height-default\" data-id=\"a487e03\" data-element_type=\"section\">\n\t\t\t\t\t\t<div class=\"elementor-container elementor-column-gap-default\">\n\t\t\t\t\t<div class=\"elementor-column elementor-col-100 elementor-top-column elementor-element elementor-element-d708a7d\" data-id=\"d708a7d\" data-element_type=\"column\">\n\t\t\t<div class=\"elementor-widget-wrap elementor-element-populated\">\n\t\t\t\t\t\t\t\t<section class=\"elementor-section elementor-inner-section elementor-element elementor-element-dbcdcb5 elementor-section-boxed elementor-section-height-default elementor-section-height-default\" data-id=\"dbcdcb5\" data-element_type=\"section\">\n\t\t\t\t\t\t<div class=\"elementor-container elementor-column-gap-default\">\n\t\t\t\t\t<div class=\"elementor-column elementor-col-100 elementor-inner-column elementor-element elementor-element-4dbcac8\" data-id=\"4dbcac8\" data-element_type=\"column\">\n\t\t\t<div class=\"elementor-widget-wrap elementor-element-populated\">\n\t\t\t\t\t\t\t\t<section class=\"elementor-section elementor-inner-section elementor-element elementor-element-9b9d341 elementor-section-boxed elementor-section-height-default elementor-section-height-default\" data-id=\"9b9d341\" data-element_type=\"section\">\n\t\t\t\t\t\t<div class=\"elementor-container elementor-column-gap-default\">\n\t\t\t\t\t<div class=\"elementor-column elementor-col-50 elementor-inner-column elementor-element elementor-element-fbece05\" data-id=\"fbece05\" data-element_type=\"column\">\n\t\t\t<div class=\"elementor-widget-wrap elementor-element-populated\">\n\t\t\t\t\t\t\t\t<div class=\"elementor-element elementor-element-04f022c elementor-widget elementor-widget-heading\" data-id=\"04f022c\" data-element_type=\"widget\" data-widget_type=\"heading.default\">\n\t\t\t\t<div class=\"elementor-widget-container\">\n\t\t\t<h2 class=\"elementor-heading-title elementor-size-medium\">Hochzeit<\/h2>\t\t<\/div>\n\t\t\t\t<\/div>\n\t\t\t\t<div class=\"elementor-element elementor-element-5fe76b4 elementor-widget elementor-widget-image\" data-id=\"5fe76b4\" data-element_type=\"widget\" data-widget_type=\"image.default\">\n\t\t\t\t<div class=\"elementor-widget-container\">\n\t\t\t\t\t\t\t\t\t\t\t\t\t\t\t<img fetchpriority=\"high\" decoding=\"async\" width=\"1024\" height=\"576\" src=\"https:\/\/byschenk.ch\/wp-content\/uploads\/2020\/02\/PA-Hochzeit-1024x576.jpg\" class=\"attachment-large size-large wp-image-818\" alt=\"\" srcset=\"https:\/\/byschenk.ch\/wp-content\/uploads\/2020\/02\/PA-Hochzeit-1024x576.jpg 1024w, https:\/\/byschenk.ch\/wp-content\/uploads\/2020\/02\/PA-Hochzeit-300x169.jpg 300w, https:\/\/byschenk.ch\/wp-content\/uploads\/2020\/02\/PA-Hochzeit-768x432.jpg 768w, https:\/\/byschenk.ch\/wp-content\/uploads\/2020\/02\/PA-Hochzeit.jpg 1200w\" sizes=\"(max-width: 1024px) 100vw, 1024px\" \/>\t\t\t\t\t\t\t\t\t\t\t\t\t\t\t<\/div>\n\t\t\t\t<\/div>\n\t\t\t\t\t<\/div>\n\t\t<\/div>\n\t\t\t\t<div class=\"elementor-column elementor-col-50 elementor-inner-column elementor-element elementor-element-1b0bdc8\" data-id=\"1b0bdc8\" data-element_type=\"column\">\n\t\t\t<div class=\"elementor-widget-wrap elementor-element-populated\">\n\t\t\t\t\t\t\t\t<div class=\"elementor-element elementor-element-10ea009 elementor-widget elementor-widget-spacer\" data-id=\"10ea009\" data-element_type=\"widget\" data-widget_type=\"spacer.default\">\n\t\t\t\t<div class=\"elementor-widget-container\">\n\t\t\t\t\t<div class=\"elementor-spacer\">\n\t\t\t<div class=\"elementor-spacer-inner\"><\/div>\n\t\t<\/div>\n\t\t\t\t<\/div>\n\t\t\t\t<\/div>\n\t\t\t\t<div class=\"elementor-element elementor-element-18d72cb elementor-widget elementor-widget-text-editor\" data-id=\"18d72cb\" data-element_type=\"widget\" data-widget_type=\"text-editor.default\">\n\t\t\t\t<div class=\"elementor-widget-container\">\n\t\t\t\t\t\t\t<p>Dieses Set eignet sich f\u00fcr Kirchen und S\u00e4le.<\/p><p>Beschallungsumfang: bis 200 Personen<\/p><p>Preis pro Tag: <b>210.- exkl. MwSt<\/b><\/p><p><b>2 Stk. Sub 12&#8243; Aktiv 700W (50 x 37 x 53cm) 20Kg<\/b><\/p><p><b>2 Stk. Top 2 x 8&#8243; Aktiv 400W (24 x 60 x 28cm) 14Kg<\/b><\/p><p>Kabel und Zubeh\u00f6r sind im Preis inbegriffen.<\/p><p>Passt in jeden PW<\/p>\t\t\t\t\t\t<\/div>\n\t\t\t\t<\/div>\n\t\t\t\t\t<\/div>\n\t\t<\/div>\n\t\t\t\t\t\t\t<\/div>\n\t\t<\/section>\n\t\t\t\t<div class=\"elementor-element elementor-element-eee5a1d elementor-widget elementor-widget-spacer\" data-id=\"eee5a1d\" data-element_type=\"widget\" data-widget_type=\"spacer.default\">\n\t\t\t\t<div class=\"elementor-widget-container\">\n\t\t\t\t\t<div class=\"elementor-spacer\">\n\t\t\t<div class=\"elementor-spacer-inner\"><\/div>\n\t\t<\/div>\n\t\t\t\t<\/div>\n\t\t\t\t<\/div>\n\t\t\t\t<section class=\"elementor-section elementor-inner-section elementor-element elementor-element-52a57b4 elementor-section-boxed elementor-section-height-default elementor-section-height-default\" data-id=\"52a57b4\" data-element_type=\"section\">\n\t\t\t\t\t\t<div class=\"elementor-container elementor-column-gap-default\">\n\t\t\t\t\t<div class=\"elementor-column elementor-col-50 elementor-inner-column elementor-element elementor-element-2c135f2\" data-id=\"2c135f2\" data-element_type=\"column\">\n\t\t\t<div class=\"elementor-widget-wrap elementor-element-populated\">\n\t\t\t\t\t\t\t\t<div class=\"elementor-element elementor-element-673ca83 elementor-widget elementor-widget-heading\" data-id=\"673ca83\" data-element_type=\"widget\" data-widget_type=\"heading.default\">\n\t\t\t\t<div class=\"elementor-widget-container\">\n\t\t\t<h2 class=\"elementor-heading-title elementor-size-medium\">DJ\/Party<\/h2>\t\t<\/div>\n\t\t\t\t<\/div>\n\t\t\t\t<div class=\"elementor-element elementor-element-7280887 elementor-widget elementor-widget-image\" data-id=\"7280887\" data-element_type=\"widget\" data-widget_type=\"image.default\">\n\t\t\t\t<div class=\"elementor-widget-container\">\n\t\t\t\t\t\t\t\t\t\t\t\t\t\t\t<img decoding=\"async\" width=\"1024\" height=\"576\" src=\"https:\/\/byschenk.ch\/wp-content\/uploads\/2020\/02\/PA-DJ-Party-1024x576.jpg\" class=\"attachment-large size-large wp-image-817\" alt=\"\" srcset=\"https:\/\/byschenk.ch\/wp-content\/uploads\/2020\/02\/PA-DJ-Party-1024x576.jpg 1024w, https:\/\/byschenk.ch\/wp-content\/uploads\/2020\/02\/PA-DJ-Party-300x169.jpg 300w, https:\/\/byschenk.ch\/wp-content\/uploads\/2020\/02\/PA-DJ-Party-768x432.jpg 768w, https:\/\/byschenk.ch\/wp-content\/uploads\/2020\/02\/PA-DJ-Party.jpg 1200w\" sizes=\"(max-width: 1024px) 100vw, 1024px\" \/>\t\t\t\t\t\t\t\t\t\t\t\t\t\t\t<\/div>\n\t\t\t\t<\/div>\n\t\t\t\t\t<\/div>\n\t\t<\/div>\n\t\t\t\t<div class=\"elementor-column elementor-col-50 elementor-inner-column elementor-element elementor-element-093c95b\" data-id=\"093c95b\" data-element_type=\"column\">\n\t\t\t<div class=\"elementor-widget-wrap elementor-element-populated\">\n\t\t\t\t\t\t\t\t<div class=\"elementor-element elementor-element-1893f06 elementor-widget elementor-widget-spacer\" data-id=\"1893f06\" data-element_type=\"widget\" data-widget_type=\"spacer.default\">\n\t\t\t\t<div class=\"elementor-widget-container\">\n\t\t\t\t\t<div class=\"elementor-spacer\">\n\t\t\t<div class=\"elementor-spacer-inner\"><\/div>\n\t\t<\/div>\n\t\t\t\t<\/div>\n\t\t\t\t<\/div>\n\t\t\t\t<div class=\"elementor-element elementor-element-00f8422 elementor-widget elementor-widget-text-editor\" data-id=\"00f8422\" data-element_type=\"widget\" data-widget_type=\"text-editor.default\">\n\t\t\t\t<div class=\"elementor-widget-container\">\n\t\t\t\t\t\t\t<p>Dieses Set eignet sich f\u00fcr Partys mit DJs oder Bands.<\/p><p>Beschallungsumfang: bis 400 Personen<\/p><p><span style=\"font-size: 16px; font-style: normal; font-weight: 400;\">Preis pro Tag: <\/span><b><span style=\"font-size: 16px; font-style: normal;\">300<\/span><span style=\"font-size: 16px; font-style: normal;\">.- exkl. MwSt<\/span><\/b><\/p><p><span style=\"font-weight: bold; font-size: 16px; font-style: normal;\">4 Stk. Sub 12&#8243; Aktiv 700W (50 x 37 x 53cm) 20Kg<\/span><\/p><p><span style=\"font-weight: bold; font-size: 16px; font-style: normal;\">2 Stk. Top 2 x 8&#8243; Aktiv 400W (24 x 60 x 28cm) 14Kg<\/span><span style=\"font-weight: bold; font-size: 16px; font-style: normal;\"><br \/><\/span><\/p><p>Kabel und Zubeh\u00f6r sind im Preis inbegriffen.<\/p>\t\t\t\t\t\t<\/div>\n\t\t\t\t<\/div>\n\t\t\t\t\t<\/div>\n\t\t<\/div>\n\t\t\t\t\t\t\t<\/div>\n\t\t<\/section>\n\t\t\t\t\t<\/div>\n\t\t<\/div>\n\t\t\t\t\t\t\t<\/div>\n\t\t<\/section>\n\t\t\t\t<div class=\"elementor-element elementor-element-01f331d elementor-widget elementor-widget-spacer\" data-id=\"01f331d\" data-element_type=\"widget\" data-widget_type=\"spacer.default\">\n\t\t\t\t<div class=\"elementor-widget-container\">\n\t\t\t\t\t<div class=\"elementor-spacer\">\n\t\t\t<div class=\"elementor-spacer-inner\"><\/div>\n\t\t<\/div>\n\t\t\t\t<\/div>\n\t\t\t\t<\/div>\n\t\t\t\t<section class=\"elementor-section elementor-inner-section elementor-element elementor-element-7a2d7a8 elementor-section-boxed elementor-section-height-default elementor-section-height-default\" data-id=\"7a2d7a8\" data-element_type=\"section\">\n\t\t\t\t\t\t<div class=\"elementor-container elementor-column-gap-default\">\n\t\t\t\t\t<div class=\"elementor-column elementor-col-50 elementor-inner-column elementor-element elementor-element-d5881b5\" data-id=\"d5881b5\" data-element_type=\"column\">\n\t\t\t<div class=\"elementor-widget-wrap elementor-element-populated\">\n\t\t\t\t\t\t\t\t<div class=\"elementor-element elementor-element-b9429e2 elementor-widget elementor-widget-heading\" data-id=\"b9429e2\" data-element_type=\"widget\" data-widget_type=\"heading.default\">\n\t\t\t\t<div class=\"elementor-widget-container\">\n\t\t\t<h2 class=\"elementor-heading-title elementor-size-medium\">Moderation<\/h2>\t\t<\/div>\n\t\t\t\t<\/div>\n\t\t\t\t<div class=\"elementor-element elementor-element-2ea3a88 elementor-widget elementor-widget-image\" data-id=\"2ea3a88\" data-element_type=\"widget\" data-widget_type=\"image.default\">\n\t\t\t\t<div class=\"elementor-widget-container\">\n\t\t\t\t\t\t\t\t\t\t\t\t\t\t\t<img decoding=\"async\" width=\"1024\" height=\"576\" src=\"https:\/\/byschenk.ch\/wp-content\/uploads\/2020\/02\/PA-Moderation-1024x576.jpg\" class=\"attachment-large size-large wp-image-820\" alt=\"\" srcset=\"https:\/\/byschenk.ch\/wp-content\/uploads\/2020\/02\/PA-Moderation-1024x576.jpg 1024w, https:\/\/byschenk.ch\/wp-content\/uploads\/2020\/02\/PA-Moderation-300x169.jpg 300w, https:\/\/byschenk.ch\/wp-content\/uploads\/2020\/02\/PA-Moderation-768x432.jpg 768w, https:\/\/byschenk.ch\/wp-content\/uploads\/2020\/02\/PA-Moderation.jpg 1200w\" sizes=\"(max-width: 1024px) 100vw, 1024px\" \/>\t\t\t\t\t\t\t\t\t\t\t\t\t\t\t<\/div>\n\t\t\t\t<\/div>\n\t\t\t\t\t<\/div>\n\t\t<\/div>\n\t\t\t\t<div class=\"elementor-column elementor-col-50 elementor-inner-column elementor-element elementor-element-260b2f6\" data-id=\"260b2f6\" data-element_type=\"column\">\n\t\t\t<div class=\"elementor-widget-wrap elementor-element-populated\">\n\t\t\t\t\t\t\t\t<div class=\"elementor-element elementor-element-b830c16 elementor-widget elementor-widget-spacer\" data-id=\"b830c16\" data-element_type=\"widget\" data-widget_type=\"spacer.default\">\n\t\t\t\t<div class=\"elementor-widget-container\">\n\t\t\t\t\t<div class=\"elementor-spacer\">\n\t\t\t<div class=\"elementor-spacer-inner\"><\/div>\n\t\t<\/div>\n\t\t\t\t<\/div>\n\t\t\t\t<\/div>\n\t\t\t\t<div class=\"elementor-element elementor-element-42b0a5b elementor-widget elementor-widget-text-editor\" data-id=\"42b0a5b\" data-element_type=\"widget\" data-widget_type=\"text-editor.default\">\n\t\t\t\t<div class=\"elementor-widget-container\">\n\t\t\t\t\t\t\t<p>Dieses Set eignet sich f\u00fcr Sprachbeschallungen wie Verlosungen, Ansagen, Rangverk\u00fcndigungen, Moderationen.<\/p>\n<p>Beschallungsumfang: bis 150 \/ 300 Personen<\/p>\n<p>Preis pro Tag:&nbsp;<\/p>\n<p><b>Set mit 1 Stk. Lautsprecher 80.- exkl. MwSt<\/b><\/p>\n<p><span style=\"font-weight: bold; font-size: 16px; font-style: normal;\">Set mit 2 Stk. Lautsprecher 120.- exkl. MwSt<\/span><\/p>\n<p><span style=\"font-weight: bold; font-size: 16px; font-style: normal;\">Multifunktional Lautsprecher 10&#8243; Aktiv 300W (33 x 53 x 30) 13Kg<\/span><\/p>\n<p>Mikrofon, Kabel und Zubeh\u00f6r sind im Preis inbegriffen.<\/p>\n<p><span style=\"font-size: 16px; font-style: normal; font-weight: 400;\">Passt in jeden PW<\/span><\/p>\t\t\t\t\t\t<\/div>\n\t\t\t\t<\/div>\n\t\t\t\t\t<\/div>\n\t\t<\/div>\n\t\t\t\t\t\t\t<\/div>\n\t\t<\/section>\n\t\t\t\t<div class=\"elementor-element elementor-element-3d64388 elementor-widget elementor-widget-spacer\" data-id=\"3d64388\" data-element_type=\"widget\" data-widget_type=\"spacer.default\">\n\t\t\t\t<div class=\"elementor-widget-container\">\n\t\t\t\t\t<div class=\"elementor-spacer\">\n\t\t\t<div class=\"elementor-spacer-inner\"><\/div>\n\t\t<\/div>\n\t\t\t\t<\/div>\n\t\t\t\t<\/div>\n\t\t\t\t<section class=\"elementor-section elementor-inner-section elementor-element elementor-element-3ee0edb elementor-section-boxed elementor-section-height-default elementor-section-height-default\" data-id=\"3ee0edb\" data-element_type=\"section\">\n\t\t\t\t\t\t<div class=\"elementor-container elementor-column-gap-default\">\n\t\t\t\t\t<div class=\"elementor-column elementor-col-50 elementor-inner-column elementor-element elementor-element-e254dca\" data-id=\"e254dca\" data-element_type=\"column\">\n\t\t\t<div class=\"elementor-widget-wrap elementor-element-populated\">\n\t\t\t\t\t\t\t\t<div class=\"elementor-element elementor-element-9843b88 elementor-widget elementor-widget-heading\" data-id=\"9843b88\" data-element_type=\"widget\" data-widget_type=\"heading.default\">\n\t\t\t\t<div class=\"elementor-widget-container\">\n\t\t\t<h2 class=\"elementor-heading-title elementor-size-medium\">Konzert<\/h2>\t\t<\/div>\n\t\t\t\t<\/div>\n\t\t\t\t<div class=\"elementor-element elementor-element-cf6ecd6 elementor-widget elementor-widget-image\" data-id=\"cf6ecd6\" data-element_type=\"widget\" data-widget_type=\"image.default\">\n\t\t\t\t<div class=\"elementor-widget-container\">\n\t\t\t\t\t\t\t\t\t\t\t\t\t\t\t<img loading=\"lazy\" decoding=\"async\" width=\"1024\" height=\"576\" src=\"https:\/\/byschenk.ch\/wp-content\/uploads\/2020\/02\/PA-Konzert-1024x576.jpg\" class=\"attachment-large size-large wp-image-819\" alt=\"\" srcset=\"https:\/\/byschenk.ch\/wp-content\/uploads\/2020\/02\/PA-Konzert-1024x576.jpg 1024w, https:\/\/byschenk.ch\/wp-content\/uploads\/2020\/02\/PA-Konzert-300x169.jpg 300w, https:\/\/byschenk.ch\/wp-content\/uploads\/2020\/02\/PA-Konzert-768x432.jpg 768w, https:\/\/byschenk.ch\/wp-content\/uploads\/2020\/02\/PA-Konzert.jpg 1200w\" sizes=\"(max-width: 1024px) 100vw, 1024px\" \/>\t\t\t\t\t\t\t\t\t\t\t\t\t\t\t<\/div>\n\t\t\t\t<\/div>\n\t\t\t\t\t<\/div>\n\t\t<\/div>\n\t\t\t\t<div class=\"elementor-column elementor-col-50 elementor-inner-column elementor-element elementor-element-b909b71\" data-id=\"b909b71\" data-element_type=\"column\">\n\t\t\t<div class=\"elementor-widget-wrap elementor-element-populated\">\n\t\t\t\t\t\t\t\t<div class=\"elementor-element elementor-element-c9a7368 elementor-widget elementor-widget-spacer\" data-id=\"c9a7368\" data-element_type=\"widget\" data-widget_type=\"spacer.default\">\n\t\t\t\t<div class=\"elementor-widget-container\">\n\t\t\t\t\t<div class=\"elementor-spacer\">\n\t\t\t<div class=\"elementor-spacer-inner\"><\/div>\n\t\t<\/div>\n\t\t\t\t<\/div>\n\t\t\t\t<\/div>\n\t\t\t\t<div class=\"elementor-element elementor-element-2bf60ab elementor-widget elementor-widget-text-editor\" data-id=\"2bf60ab\" data-element_type=\"widget\" data-widget_type=\"text-editor.default\">\n\t\t\t\t<div class=\"elementor-widget-container\">\n\t\t\t\t\t\t\t<p>Konzertbeschallungen werden je nach Ort und Art der Veranstaltung geplant. Gerne beraten wir Sie pers\u00f6nlich.<\/p>\n<p>Beschallungsumfang: bis 3000 Personen, bei Sprachbeschallungen bis 10000 Personen<\/p>\n<p>Preis pro Tag: <b>ab 500.- exkl. MwSt<\/b><\/p>\n<p>Kabel und Zubeh\u00f6r werden je nach Bedarf offeriert.<\/p>\t\t\t\t\t\t<\/div>\n\t\t\t\t<\/div>\n\t\t\t\t\t<\/div>\n\t\t<\/div>\n\t\t\t\t\t\t\t<\/div>\n\t\t<\/section>\n\t\t\t\t\t<\/div>\n\t\t<\/div>\n\t\t\t\t\t\t\t<\/div>\n\t\t<\/section>\n\t\t\t\t\t<\/div>\n\t\t<\/div>\n\t\t\t\t\t\t\t<\/div>\n\t\t<\/section>\n\t\t\t\t\t\t\t<\/div>\n\t\t","protected":false},"excerpt":{"rendered":"<p>Vermietung Hier finden Sie bereits zusammengestellte, kompakte Systeme, die f\u00fcr diverse Veranstaltungen gemietet werden k\u00f6nnen. Auf der Preisliste finden Sie die alle mietbaren Artikel, inklusive Preisangaben. In der&nbsp;Galerie&nbsp;sind verschiedenste Anwendungsbeispiele dokumentiert. Gerne beraten wir Sie auch pers\u00f6nlich. Hochzeit Dieses Set eignet sich f\u00fcr Kirchen und S\u00e4le. Beschallungsumfang: bis 200 Personen Preis pro Tag: 210.- exkl. [&hellip;]<\/p>\n","protected":false},"author":1,"featured_media":0,"parent":0,"menu_order":0,"comment_status":"closed","ping_status":"closed","template":"","meta":{"_uag_custom_page_level_css":"","site-sidebar-layout":"no-sidebar","site-content-layout":"page-builder","ast-site-content-layout":"","site-content-style":"default","site-sidebar-style":"default","ast-global-header-display":"","ast-banner-title-visibility":"","ast-main-header-display":"","ast-hfb-above-header-display":"","ast-hfb-below-header-display":"","ast-hfb-mobile-header-display":"","site-post-title":"disabled","ast-breadcrumbs-content":"","ast-featured-img":"disabled","footer-sml-layout":"","theme-transparent-header-meta":"enabled","adv-header-id-meta":"","stick-header-meta":"","header-above-stick-meta":"","header-main-stick-meta":"","header-below-stick-meta":"","astra-migrate-meta-layouts":"default","ast-page-background-enabled":"default","ast-page-background-meta":{"desktop":{"background-color":"","background-image":"","background-repeat":"repeat","background-position":"center center","background-size":"auto","background-attachment":"scroll","background-type":"","background-media":"","overlay-type":"","overlay-color":"","overlay-gradient":""},"tablet":{"background-color":"","background-image":"","background-repeat":"repeat","background-position":"center center","background-size":"auto","background-attachment":"scroll","background-type":"","background-media":"","overlay-type":"","overlay-color":"","overlay-gradient":""},"mobile":{"background-color":"","background-image":"","background-repeat":"repeat","background-position":"center center","background-size":"auto","background-attachment":"scroll","background-type":"","background-media":"","overlay-type":"","overlay-color":"","overlay-gradient":""}},"ast-content-background-meta":{"desktop":{"background-color":"var(--ast-global-color-5)","background-image":"","background-repeat":"repeat","background-position":"center center","background-size":"auto","background-attachment":"scroll","background-type":"","background-media":"","overlay-type":"","overlay-color":"","overlay-gradient":""},"tablet":{"background-color":"var(--ast-global-color-5)","background-image":"","background-repeat":"repeat","background-position":"center center","background-size":"auto","background-attachment":"scroll","background-type":"","background-media":"","overlay-type":"","overlay-color":"","overlay-gradient":""},"mobile":{"background-color":"var(--ast-global-color-5)","background-image":"","background-repeat":"repeat","background-position":"center center","background-size":"auto","background-attachment":"scroll","background-type":"","background-media":"","overlay-type":"","overlay-color":"","overlay-gradient":""}},"footnotes":""},"uagb_featured_image_src":{"full":false,"thumbnail":false,"medium":false,"medium_large":false,"large":false,"1536x1536":false,"2048x2048":false},"uagb_author_info":{"display_name":"admin","author_link":"https:\/\/byschenk.ch\/?author=1"},"uagb_comment_info":0,"uagb_excerpt":"Vermietung Hier finden Sie bereits zusammengestellte, kompakte Systeme, die f\u00fcr diverse Veranstaltungen gemietet werden k\u00f6nnen. Auf der Preisliste finden Sie die alle mietbaren Artikel, inklusive Preisangaben. In der&nbsp;Galerie&nbsp;sind verschiedenste Anwendungsbeispiele dokumentiert. Gerne beraten wir Sie auch pers\u00f6nlich. Hochzeit Dieses Set eignet sich f\u00fcr Kirchen und S\u00e4le. Beschallungsumfang: bis 200 Personen Preis pro Tag: 210.- exkl.&hellip;","_links":{"self":[{"href":"https:\/\/byschenk.ch\/index.php?rest_route=\/wp\/v2\/pages\/388"}],"collection":[{"href":"https:\/\/byschenk.ch\/index.php?rest_route=\/wp\/v2\/pages"}],"about":[{"href":"https:\/\/byschenk.ch\/index.php?rest_route=\/wp\/v2\/types\/page"}],"author":[{"embeddable":true,"href":"https:\/\/byschenk.ch\/index.php?rest_route=\/wp\/v2\/users\/1"}],"replies":[{"embeddable":true,"href":"https:\/\/byschenk.ch\/index.php?rest_route=%2Fwp%2Fv2%2Fcomments&post=388"}],"version-history":[{"count":41,"href":"https:\/\/byschenk.ch\/index.php?rest_route=\/wp\/v2\/pages\/388\/revisions"}],"predecessor-version":[{"id":958,"href":"https:\/\/byschenk.ch\/index.php?rest_route=\/wp\/v2\/pages\/388\/revisions\/958"}],"wp:attachment":[{"href":"https:\/\/byschenk.ch\/index.php?rest_route=%2Fwp%2Fv2%2Fmedia&parent=388"}],"curies":[{"name":"wp","href":"https:\/\/api.w.org\/{rel}","templated":true}]}}